


{"id":165426,"date":"2025-01-09T16:53:16","date_gmt":"2025-01-09T15:53:16","guid":{"rendered":"http:\/\/www.handdukstorkar.se\/?post_type=product&#038;p=165426"},"modified":"2026-04-24T14:18:33","modified_gmt":"2026-04-24T13:18:33","slug":"pax-handdukstork-vit-750-mm-rea","status":"publish","type":"product","link":"https:\/\/www.handdukstorkar.se\/sv\/shop\/haandklaedetorrer\/hvid-haandklaedetoerrer\/pax-haandklaedetoerrer-hvid-750-mm-restsalg\/","title":{"rendered":"Pax Handdukstork Vit 750 mm (REA)"},"content":{"rendered":"<p><strong>Bredd:<\/strong> 750 mm<br \/>\n<strong>H\u00f6jd:<\/strong>1233\u20131815 mm<br \/>\n<strong>c\/c-avst\u00e5nd:<\/strong> 708 mm<br \/>\n<strong>V\u00e4ggavst\u00e5nd: <\/strong>90\u2013102 mm<br \/>\n<strong>V\u00e4gg till r\u00f6r-center: <\/strong>62\u201374 mm<br \/>\n<strong>Avsluta:<\/strong> Pulverlackering vit<br \/>\n<strong>Tilltr\u00e4de och avresa:<\/strong> 1\/2\u201d RG<br \/>\n<strong>Garanti: <\/strong>8 \u00e5r<br \/>\n<strong>Design:<\/strong> HT PRESTIGE<br \/>\n<strong>L\u00e4mplig EL-kassett:<\/strong>\u00a0 600\u2013800 W<\/p>\n<p>&nbsp;<\/p>\n<p>&nbsp;<\/p>\n<p><img fetchpriority=\"high\" decoding=\"async\" class=\"alignnone wp-image-165370 size-full\" src=\"https:\/\/www.haandklaedetoerrer.dk\/wp-content\/uploads\/2025\/01\/Pax-Datablad.png\" alt=\"\" width=\"908\" height=\"487\" \/><\/p>\n<p>&nbsp;<\/p>","protected":false},"excerpt":{"rendered":"<div class=\"flex max-w-full flex-col flex-grow\">\n<div class=\"min-h-8 text-message flex w-full flex-col items-end gap-2 whitespace-normal break-words text-start [.text-message+&amp;]:mt-5\" dir=\"auto\" data-message-author-role=\"assistant\" data-message-id=\"8859ed9d-18c2-424e-9e06-c322e0e69600\" data-message-model-slug=\"gpt-4o\">\n<div class=\"flex w-full flex-col gap-1 empty:hidden first:pt-[3px]\">\n<div class=\"markdown prose w-full break-words dark:prose-invert dark\">\n<p><strong>Pax Hvid H\u00e5ndkl\u00e6det\u00f8rrer 750 mm (RESTSALG)<\/strong><\/p>\n<p>Pax H\u00e5ndkl\u00e6det\u00f8rrer i RAL 9016 (hvid) kombinerer et moderne, \u00e5bent design med ovale lameller, der b\u00e5de fremh\u00e6ver et stilrent udtryk og sikrer optimal varmefordeling. Med en bredde p\u00e5 750 mm er denne restsalgsmodel velegnet til st\u00f8rre badev\u00e6relser, hvor du \u00f8nsker et \u00e6stetisk l\u00f8ft uden at g\u00e5 p\u00e5 kompromis med funktionaliteten. Fremstillet i robust, hvidlakeret st\u00e5l leverer Pax hurtigt varme h\u00e5ndkl\u00e6der og skaber behagelig komfort i dit badev\u00e6relse.<\/p>\n<p><strong>Produktfordele:<\/strong><\/p>\n<p>Ovale lameller for et unikt, moderne look<br \/>\nJ\u00e6vn og hurtig varmefordeling for effektiv t\u00f8rring<br \/>\n750 mm bredde \u2013 ideel til rummelige installationer<br \/>\nSkjulte v\u00e6gbeslag for et rent, sv\u00e6vende design<br \/>\nH\u00f8jstyrkest\u00e5l med hvidlak for ekstra holdbarhed<br \/>\n5 \u00e5rs garanti fra producenten<\/p>\n<p><strong>Ideel til:<\/strong><br \/>\nPrivatboliger, hoteller og spa-milj\u00f8er<br \/>\nBadev\u00e6relser, g\u00e6stetoiletter og wellnessrum<\/p>\n<p>H\u00e5ndkl\u00e6det\u00f8rreren kan tilsluttes fjernvarme\/centralvarme, el-varme eller en kombination af el og fjernvarme.<br \/>\nSe ogs\u00e5 vores store udvalg af el-patroner og tilh\u00f8rende ventiler. For mere information og installationsvejledning, bes\u00f8g venligst vores side med teknisk info.<\/p>\n<\/div>\n<\/div>\n<\/div>\n<\/div>\n","protected":false},"featured_media":175097,"template":"","meta":[],"product_brand":[1434],"product_cat":[1404,1405,972,1403],"product_tag":[],"class_list":{"0":"post-165426","1":"product","2":"type-product","3":"status-publish","4":"has-post-thumbnail","6":"product_brand-p-mh","7":"product_cat-handklaedeholder","8":"product_cat-handklaedevarmer","9":"product_cat-hvid-haandklaedetoerrer","10":"product_cat-restsalg","11":"pa_bredde-1151","12":"pa_hoejde-1452","13":"pa_hoejde-1453","14":"pa_hoejde-1451","16":"first","17":"instock","18":"sale","19":"taxable","20":"shipping-taxable","21":"purchasable","22":"product-type-variable"},"yoast_head":"<!-- This site is optimized with the Yoast SEO Premium plugin v28.3 (Yoast SEO v28.3) - https:\/\/yoast.com\/product\/yoast-seo-premium-wordpress\/ -->\n<title>Pax H\u00e5ndkl\u00e6det\u00f8rrer Hvid 750 mm (RESTSALG) - Handdukstorkar.se<\/title>\n<meta name=\"robots\" content=\"index, follow, max-snippet:-1, max-image-preview:large, max-video-preview:-1\" \/>\n<link rel=\"canonical\" href=\"https:\/\/www.handdukstorkar.se\/sv\/butik\/handdukstorkar\/vit-handdukstorkar\/pax-handdukstork-vit-750-mm-rea\/\" \/>\n<meta property=\"og:locale\" content=\"sv_SE\" \/>\n<meta property=\"og:type\" content=\"article\" \/>\n<meta property=\"og:title\" content=\"Pax H\u00e5ndkl\u00e6det\u00f8rrer Hvid 750 mm (RESTSALG)\" \/>\n<meta property=\"og:description\" content=\"Pax Hvid H\u00e5ndkl\u00e6det\u00f8rrer 750 mm (RESTSALG)  Pax H\u00e5ndkl\u00e6det\u00f8rrer i RAL 9016 (hvid) kombinerer et moderne, \u00e5bent design med ovale lameller, der b\u00e5de fremh\u00e6ver et stilrent udtryk og sikrer optimal varmefordeling. Med en bredde p\u00e5 750 mm er denne restsalgsmodel velegnet til st\u00f8rre badev\u00e6relser, hvor du \u00f8nsker et \u00e6stetisk l\u00f8ft uden at g\u00e5 p\u00e5 kompromis med funktionaliteten. Fremstillet i robust, hvidlakeret st\u00e5l leverer Pax hurtigt varme h\u00e5ndkl\u00e6der og skaber behagelig komfort i dit badev\u00e6relse.  Produktfordele:  Ovale lameller for et unikt, moderne look J\u00e6vn og hurtig varmefordeling for effektiv t\u00f8rring 750 mm bredde \u2013 ideel til rummelige installationer Skjulte v\u00e6gbeslag for et rent, sv\u00e6vende design H\u00f8jstyrkest\u00e5l med hvidlak for ekstra holdbarhed 5 \u00e5rs garanti fra producenten  Ideel til: Privatboliger, hoteller og spa-milj\u00f8er Badev\u00e6relser, g\u00e6stetoiletter og wellnessrum  H\u00e5ndkl\u00e6det\u00f8rreren kan tilsluttes fjernvarme\/centralvarme, el-varme eller en kombination af el og fjernvarme. Se ogs\u00e5 vores store udvalg af el-patroner og tilh\u00f8rende ventiler. For mere information og installationsvejledning, bes\u00f8g venligst vores side med teknisk info.\" \/>\n<meta property=\"og:url\" content=\"https:\/\/www.handdukstorkar.se\/sv\/butik\/handdukstorkar\/vit-handdukstorkar\/pax-handdukstork-vit-750-mm-rea\/\" \/>\n<meta property=\"og:site_name\" content=\"Handdukstorkar.se\" \/>\n<meta property=\"article:modified_time\" content=\"2026-04-24T13:18:33+00:00\" \/>\n<meta property=\"og:image\" content=\"https:\/\/www.handdukstorkar.se\/wp-content\/uploads\/2025\/07\/KM-750-1233-W-1_070-1.jpeg\" \/>\n\t<meta property=\"og:image:width\" content=\"1365\" \/>\n\t<meta property=\"og:image:height\" content=\"1706\" \/>\n\t<meta property=\"og:image:type\" content=\"image\/jpeg\" \/>\n<meta name=\"twitter:card\" content=\"summary_large_image\" \/>\n<meta name=\"twitter:label1\" content=\"Availability\" \/>\n\t<meta name=\"twitter:data1\" content=\"In stock\" \/>\n<script type=\"application\/ld+json\" class=\"yoast-schema-graph\">{\"@context\":\"https:\\\/\\\/schema.org\",\"@graph\":[{\"@type\":\"WebPage\",\"@id\":\"https:\\\/\\\/www.handdukstorkar.se\\\/sv\\\/shop\\\/haandklaedetorrer\\\/hvid-haandklaedetoerrer\\\/pax-haandklaedetoerrer-hvid-750-mm-restsalg\\\/\",\"url\":\"https:\\\/\\\/www.handdukstorkar.se\\\/sv\\\/shop\\\/haandklaedetorrer\\\/hvid-haandklaedetoerrer\\\/pax-haandklaedetoerrer-hvid-750-mm-restsalg\\\/\",\"name\":\"Pax H\u00e5ndkl\u00e6det\u00f8rrer Hvid 750 mm (RESTSALG) - Handdukstorkar.se\",\"isPartOf\":{\"@id\":\"https:\\\/\\\/www.handdukstorkar.se\\\/sv\\\/#website\"},\"primaryImageOfPage\":{\"@id\":\"https:\\\/\\\/www.handdukstorkar.se\\\/sv\\\/shop\\\/haandklaedetorrer\\\/hvid-haandklaedetoerrer\\\/pax-haandklaedetoerrer-hvid-750-mm-restsalg\\\/#primaryimage\"},\"image\":{\"@id\":\"https:\\\/\\\/www.handdukstorkar.se\\\/sv\\\/shop\\\/haandklaedetorrer\\\/hvid-haandklaedetoerrer\\\/pax-haandklaedetoerrer-hvid-750-mm-restsalg\\\/#primaryimage\"},\"thumbnailUrl\":\"https:\\\/\\\/www.handdukstorkar.se\\\/wp-content\\\/uploads\\\/2025\\\/07\\\/KM-750-1233-W-1_070-1.jpeg\",\"datePublished\":\"2025-01-09T15:53:16+00:00\",\"dateModified\":\"2026-04-24T13:18:33+00:00\",\"breadcrumb\":{\"@id\":\"https:\\\/\\\/www.handdukstorkar.se\\\/sv\\\/shop\\\/haandklaedetorrer\\\/hvid-haandklaedetoerrer\\\/pax-haandklaedetoerrer-hvid-750-mm-restsalg\\\/#breadcrumb\"},\"inLanguage\":\"sv-SE\",\"potentialAction\":[{\"@type\":\"ReadAction\",\"target\":[\"https:\\\/\\\/www.handdukstorkar.se\\\/sv\\\/shop\\\/haandklaedetorrer\\\/hvid-haandklaedetoerrer\\\/pax-haandklaedetoerrer-hvid-750-mm-restsalg\\\/\"]}]},{\"@type\":\"ImageObject\",\"inLanguage\":\"sv-SE\",\"@id\":\"https:\\\/\\\/www.handdukstorkar.se\\\/sv\\\/shop\\\/haandklaedetorrer\\\/hvid-haandklaedetoerrer\\\/pax-haandklaedetoerrer-hvid-750-mm-restsalg\\\/#primaryimage\",\"url\":\"https:\\\/\\\/www.handdukstorkar.se\\\/wp-content\\\/uploads\\\/2025\\\/07\\\/KM-750-1233-W-1_070-1.jpeg\",\"contentUrl\":\"https:\\\/\\\/www.handdukstorkar.se\\\/wp-content\\\/uploads\\\/2025\\\/07\\\/KM-750-1233-W-1_070-1.jpeg\",\"width\":1365,\"height\":1706},{\"@type\":\"BreadcrumbList\",\"@id\":\"https:\\\/\\\/www.handdukstorkar.se\\\/sv\\\/shop\\\/haandklaedetorrer\\\/hvid-haandklaedetoerrer\\\/pax-haandklaedetoerrer-hvid-750-mm-restsalg\\\/#breadcrumb\",\"itemListElement\":[{\"@type\":\"ListItem\",\"position\":1,\"name\":\"Home\",\"item\":\"https:\\\/\\\/www.handdukstorkar.se\\\/sv\\\/\"},{\"@type\":\"ListItem\",\"position\":2,\"name\":\"Shop\",\"item\":\"https:\\\/\\\/www.handdukstorkar.se\\\/sv\\\/butik\\\/\"},{\"@type\":\"ListItem\",\"position\":3,\"name\":\"Pax H\u00e5ndkl\u00e6det\u00f8rrer Hvid 750 mm (RESTSALG)\"}]},{\"@type\":\"WebSite\",\"@id\":\"https:\\\/\\\/www.handdukstorkar.se\\\/sv\\\/#website\",\"url\":\"https:\\\/\\\/www.handdukstorkar.se\\\/sv\\\/\",\"name\":\"Handdukstorkar.se\",\"description\":\"Danmarks st\u00f8rste udvalg af h\u00e5ndkl\u00e6det\u00f8rrer\",\"publisher\":{\"@id\":\"https:\\\/\\\/www.handdukstorkar.se\\\/sv\\\/#organization\"},\"potentialAction\":[{\"@type\":\"SearchAction\",\"target\":{\"@type\":\"EntryPoint\",\"urlTemplate\":\"https:\\\/\\\/www.handdukstorkar.se\\\/sv\\\/?s={search_term_string}\"},\"query-input\":{\"@type\":\"PropertyValueSpecification\",\"valueRequired\":true,\"valueName\":\"search_term_string\"}}],\"inLanguage\":\"sv-SE\"},{\"@type\":\"Organization\",\"@id\":\"https:\\\/\\\/www.handdukstorkar.se\\\/sv\\\/#organization\",\"name\":\"H\u00e5ndkl\u00e6det\u00f8rrer.dk\",\"url\":\"https:\\\/\\\/www.handdukstorkar.se\\\/sv\\\/\",\"logo\":{\"@type\":\"ImageObject\",\"inLanguage\":\"sv-SE\",\"@id\":\"https:\\\/\\\/www.handdukstorkar.se\\\/sv\\\/#\\\/schema\\\/logo\\\/image\\\/\",\"url\":\"https:\\\/\\\/www.handdukstorkar.se\\\/wp-content\\\/uploads\\\/2019\\\/06\\\/logo-1.png\",\"contentUrl\":\"https:\\\/\\\/www.handdukstorkar.se\\\/wp-content\\\/uploads\\\/2019\\\/06\\\/logo-1.png\",\"width\":300,\"height\":45,\"caption\":\"H\u00e5ndkl\u00e6det\u00f8rrer.dk\"},\"image\":{\"@id\":\"https:\\\/\\\/www.handdukstorkar.se\\\/sv\\\/#\\\/schema\\\/logo\\\/image\\\/\"}}]}<\/script>\n<meta property=\"og:availability\" content=\"instock\" \/>\n<meta property=\"product:availability\" content=\"instock\" \/>\n<meta property=\"product:retailer_item_id\" content=\"38008\" \/>\n<meta property=\"product:condition\" content=\"new\" \/>\n<!-- \/ Yoast SEO Premium plugin. -->","yoast_head_json":{"title":"Pax Handdukstork Vit 750 mm (RESTERE REA) - Handdukstorkar.se","robots":{"index":"index","follow":"follow","max-snippet":"max-snippet:-1","max-image-preview":"max-image-preview:large","max-video-preview":"max-video-preview:-1"},"canonical":"https:\/\/www.handdukstorkar.se\/sv\/butik\/handdukstorkar\/vit-handdukstorkar\/pax-handdukstork-vit-750-mm-rea\/","og_locale":"sv_SE","og_type":"article","og_title":"Pax H\u00e5ndkl\u00e6det\u00f8rrer Hvid 750 mm (RESTSALG)","og_description":"Pax Hvid H\u00e5ndkl\u00e6det\u00f8rrer 750 mm (RESTSALG)  Pax H\u00e5ndkl\u00e6det\u00f8rrer i RAL 9016 (hvid) kombinerer et moderne, \u00e5bent design med ovale lameller, der b\u00e5de fremh\u00e6ver et stilrent udtryk og sikrer optimal varmefordeling. Med en bredde p\u00e5 750 mm er denne restsalgsmodel velegnet til st\u00f8rre badev\u00e6relser, hvor du \u00f8nsker et \u00e6stetisk l\u00f8ft uden at g\u00e5 p\u00e5 kompromis med funktionaliteten. Fremstillet i robust, hvidlakeret st\u00e5l leverer Pax hurtigt varme h\u00e5ndkl\u00e6der og skaber behagelig komfort i dit badev\u00e6relse.  Produktfordele:  Ovale lameller for et unikt, moderne look J\u00e6vn og hurtig varmefordeling for effektiv t\u00f8rring 750 mm bredde \u2013 ideel til rummelige installationer Skjulte v\u00e6gbeslag for et rent, sv\u00e6vende design H\u00f8jstyrkest\u00e5l med hvidlak for ekstra holdbarhed 5 \u00e5rs garanti fra producenten  Ideel til: Privatboliger, hoteller og spa-milj\u00f8er Badev\u00e6relser, g\u00e6stetoiletter og wellnessrum  H\u00e5ndkl\u00e6det\u00f8rreren kan tilsluttes fjernvarme\/centralvarme, el-varme eller en kombination af el og fjernvarme. Se ogs\u00e5 vores store udvalg af el-patroner og tilh\u00f8rende ventiler. For mere information og installationsvejledning, bes\u00f8g venligst vores side med teknisk info.","og_url":"https:\/\/www.handdukstorkar.se\/sv\/butik\/handdukstorkar\/vit-handdukstorkar\/pax-handdukstork-vit-750-mm-rea\/","og_site_name":"Handdukstorkar.se","article_modified_time":"2026-04-24T13:18:33+00:00","og_image":[{"width":1365,"height":1706,"url":"https:\/\/www.handdukstorkar.se\/wp-content\/uploads\/2025\/07\/KM-750-1233-W-1_070-1.jpeg","type":"image\/jpeg"}],"twitter_card":"summary_large_image","twitter_misc":{"Availability":"In stock"},"schema":{"@context":"https:\/\/schema.org","@graph":[{"@type":"WebPage","@id":"https:\/\/www.handdukstorkar.se\/sv\/shop\/haandklaedetorrer\/hvid-haandklaedetoerrer\/pax-haandklaedetoerrer-hvid-750-mm-restsalg\/","url":"https:\/\/www.handdukstorkar.se\/sv\/shop\/haandklaedetorrer\/hvid-haandklaedetoerrer\/pax-haandklaedetoerrer-hvid-750-mm-restsalg\/","name":"Pax Handdukstork Vit 750 mm (RESTERE REA) - Handdukstorkar.se","isPartOf":{"@id":"https:\/\/www.handdukstorkar.se\/sv\/#website"},"primaryImageOfPage":{"@id":"https:\/\/www.handdukstorkar.se\/sv\/shop\/haandklaedetorrer\/hvid-haandklaedetoerrer\/pax-haandklaedetoerrer-hvid-750-mm-restsalg\/#primaryimage"},"image":{"@id":"https:\/\/www.handdukstorkar.se\/sv\/shop\/haandklaedetorrer\/hvid-haandklaedetoerrer\/pax-haandklaedetoerrer-hvid-750-mm-restsalg\/#primaryimage"},"thumbnailUrl":"https:\/\/www.handdukstorkar.se\/wp-content\/uploads\/2025\/07\/KM-750-1233-W-1_070-1.jpeg","datePublished":"2025-01-09T15:53:16+00:00","dateModified":"2026-04-24T13:18:33+00:00","breadcrumb":{"@id":"https:\/\/www.handdukstorkar.se\/sv\/shop\/haandklaedetorrer\/hvid-haandklaedetoerrer\/pax-haandklaedetoerrer-hvid-750-mm-restsalg\/#breadcrumb"},"inLanguage":"sv-SE","potentialAction":[{"@type":"ReadAction","target":["https:\/\/www.handdukstorkar.se\/sv\/shop\/haandklaedetorrer\/hvid-haandklaedetoerrer\/pax-haandklaedetoerrer-hvid-750-mm-restsalg\/"]}]},{"@type":"ImageObject","inLanguage":"sv-SE","@id":"https:\/\/www.handdukstorkar.se\/sv\/shop\/haandklaedetorrer\/hvid-haandklaedetoerrer\/pax-haandklaedetoerrer-hvid-750-mm-restsalg\/#primaryimage","url":"https:\/\/www.handdukstorkar.se\/wp-content\/uploads\/2025\/07\/KM-750-1233-W-1_070-1.jpeg","contentUrl":"https:\/\/www.handdukstorkar.se\/wp-content\/uploads\/2025\/07\/KM-750-1233-W-1_070-1.jpeg","width":1365,"height":1706},{"@type":"BreadcrumbList","@id":"https:\/\/www.handdukstorkar.se\/sv\/shop\/haandklaedetorrer\/hvid-haandklaedetoerrer\/pax-haandklaedetoerrer-hvid-750-mm-restsalg\/#breadcrumb","itemListElement":[{"@type":"ListItem","position":1,"name":"Home","item":"https:\/\/www.handdukstorkar.se\/sv\/"},{"@type":"ListItem","position":2,"name":"Shop","item":"https:\/\/www.handdukstorkar.se\/sv\/butik\/"},{"@type":"ListItem","position":3,"name":"Pax H\u00e5ndkl\u00e6det\u00f8rrer Hvid 750 mm (RESTSALG)"}]},{"@type":"WebSite","@id":"https:\/\/www.handdukstorkar.se\/sv\/#website","url":"https:\/\/www.handdukstorkar.se\/sv\/","name":"Handdukstork.se","description":"Danmarks st\u00f6rsta utbud av handdukstorkar","publisher":{"@id":"https:\/\/www.handdukstorkar.se\/sv\/#organization"},"potentialAction":[{"@type":"SearchAction","target":{"@type":"EntryPoint","urlTemplate":"https:\/\/www.handdukstorkar.se\/sv\/?s={search_term_string}"},"query-input":{"@type":"PropertyValueSpecification","valueRequired":true,"valueName":"search_term_string"}}],"inLanguage":"sv-SE"},{"@type":"Organization","@id":"https:\/\/www.handdukstorkar.se\/sv\/#organization","name":"H\u00e5ndkladetorrer.dk","url":"https:\/\/www.handdukstorkar.se\/sv\/","logo":{"@type":"ImageObject","inLanguage":"sv-SE","@id":"https:\/\/www.handdukstorkar.se\/sv\/#\/schema\/logo\/image\/","url":"https:\/\/www.handdukstorkar.se\/wp-content\/uploads\/2019\/06\/logo-1.png","contentUrl":"https:\/\/www.handdukstorkar.se\/wp-content\/uploads\/2019\/06\/logo-1.png","width":300,"height":45,"caption":"H\u00e5ndkl\u00e6det\u00f8rrer.dk"},"image":{"@id":"https:\/\/www.handdukstorkar.se\/sv\/#\/schema\/logo\/image\/"}}]},"og_availability":"instock","product_availability":"instock","product_retailer_item_id":"38008","product_condition":"new"},"jetpack_sharing_enabled":true,"_links":{"self":[{"href":"https:\/\/www.handdukstorkar.se\/sv\/wp-json\/wp\/v2\/product\/165426","targetHints":{"allow":["GET"]}}],"collection":[{"href":"https:\/\/www.handdukstorkar.se\/sv\/wp-json\/wp\/v2\/product"}],"about":[{"href":"https:\/\/www.handdukstorkar.se\/sv\/wp-json\/wp\/v2\/types\/product"}],"version-history":[{"count":0,"href":"https:\/\/www.handdukstorkar.se\/sv\/wp-json\/wp\/v2\/product\/165426\/revisions"}],"wp:featuredmedia":[{"embeddable":true,"href":"https:\/\/www.handdukstorkar.se\/sv\/wp-json\/wp\/v2\/media\/175097"}],"wp:attachment":[{"href":"https:\/\/www.handdukstorkar.se\/sv\/wp-json\/wp\/v2\/media?parent=165426"}],"wp:term":[{"taxonomy":"product_brand","embeddable":true,"href":"https:\/\/www.handdukstorkar.se\/sv\/wp-json\/wp\/v2\/product_brand?post=165426"},{"taxonomy":"product_cat","embeddable":true,"href":"https:\/\/www.handdukstorkar.se\/sv\/wp-json\/wp\/v2\/product_cat?post=165426"},{"taxonomy":"product_tag","embeddable":true,"href":"https:\/\/www.handdukstorkar.se\/sv\/wp-json\/wp\/v2\/product_tag?post=165426"}],"curies":[{"name":"wp","href":"https:\/\/api.w.org\/{rel}","templated":true}]}}